{"id":232,"date":"2022-08-23T11:15:27","date_gmt":"2022-08-23T14:15:27","guid":{"rendered":"http:\/\/pediatriaciep.com.br\/ciep\/?page_id=232"},"modified":"2023-07-19T16:41:38","modified_gmt":"2023-07-19T19:41:38","slug":"dra-carolina-weiss-ribas","status":"publish","type":"page","link":"https:\/\/pediatriaciep.com.br\/ciep\/dra-carolina-weiss-ribas\/","title":{"rendered":"Dra. Carolina Weiss Ribas"},"content":{"rendered":"\n<div class=\"topopgs\"><div class=\"centro-linha\"><span class=\"titulopgs\">PROFISSIONAIS<\/span><div class=\"linha\"><\/div><em>Conhe\u00e7a os profissionais que atendem no CIEP e suas \u00e1reas de atua\u00e7\u00e3o<\/em><\/div><\/div><div class=\"barra\"><\/div>\n\n\n\n<div class=\"wp-block-advgb-columns advgb-columns-wrapper\" id=\"advgb-cols-63bc3f1b-4e66-4e8b-b423-26997ebfc389\"><div class=\"advgb-columns-container\"><div class=\"advgb-columns advgb-columns-row advgb-is-mobile advgb-columns-2 layout-13-23 mbl-layout-stacked vgutter-10\" style=\"max-width:1050px\">\n<div class=\"wp-block-advgb-column advgb-column advgb-is-one-third-tablet advgb-is-full-mobile\" id=\"advgb-col-95a24104-2c8b-4032-af48-edf9f8392377\"><div class=\"advgb-column-inner\" style=\"border-style:none;border-width:1px\">\n<figure class=\"wp-block-image size-full efeitoimagem\"><img loading=\"lazy\" decoding=\"async\" width=\"431\" height=\"612\" src=\"http:\/\/pediatriaciep.com.br\/ciep\/wp-content\/uploads\/2022\/08\/carolina.jpg\" alt=\"\" class=\"wp-image-233\" srcset=\"https:\/\/pediatriaciep.com.br\/ciep\/wp-content\/uploads\/2022\/08\/carolina.jpg 431w, https:\/\/pediatriaciep.com.br\/ciep\/wp-content\/uploads\/2022\/08\/carolina-211x300.jpg 211w\" sizes=\"auto, (max-width: 431px) 100vw, 431px\" \/><\/figure>\n<\/div><\/div>\n\n\n\n<div class=\"wp-block-advgb-column advgb-column advgb-is-two-thirds-tablet advgb-is-full-mobile\" id=\"advgb-col-533772e7-e78e-4fbe-a45b-6f65a506714d\"><div class=\"advgb-column-inner\" style=\"border-style:none;border-width:1px\">\n<h2 class=\"wp-block-heading\"><strong>Dra. Carolina Weiss Ribas<\/strong><\/h2>\n\n\n\n<p>CRO-PR 20.667<br>Odontopediatria e Ortodontia<\/p>\n\n\n\n<p>Formada em Odontologia pela PUC\/PR.<br>Especializa\u00e7\u00e3o em Odontopediatria pela PUC\/PR.<br>Habilita\u00e7\u00e3o em seda\u00e7\u00e3o em \u00d3xido Nitroso.<br>Especializa\u00e7\u00e3o em Ortodontia pelo Instituto Cabrera de Ortodontia.<\/p>\n\n\n\n<p><strong>Atende aos conv\u00eanios:<br><\/strong>Amil Dental<\/p>\n<\/div><\/div>\n<\/div><\/div><\/div>\n<style class=\"advgb-styles-renderer\">#advgb-col-95a24104-2c8b-4032-af48-edf9f8392377>.advgb-column-inner{padding-top:20px;padding-right:20px;padding-bottom:20px;padding-left:20px;}#advgb-col-95a24104-2c8b-4032-af48-edf9f8392377{width: 0%;}@media screen and (max-width: 1023px) {#advgb-col-95a24104-2c8b-4032-af48-edf9f8392377>.advgb-column-inner{}}@media screen and (max-width: 767px) {#advgb-col-95a24104-2c8b-4032-af48-edf9f8392377>.advgb-column-inner{}}#advgb-col-533772e7-e78e-4fbe-a45b-6f65a506714d>.advgb-column-inner{padding-top:20px;padding-right:20px;padding-bottom:20px;padding-left:20px;}#advgb-col-533772e7-e78e-4fbe-a45b-6f65a506714d{width: 0%;}@media screen and (max-width: 1023px) {#advgb-col-533772e7-e78e-4fbe-a45b-6f65a506714d>.advgb-column-inner{}}@media screen and (max-width: 767px) {#advgb-col-533772e7-e78e-4fbe-a45b-6f65a506714d>.advgb-column-inner{}}#advgb-cols-63bc3f1b-4e66-4e8b-b423-26997ebfc389{padding-top:20px;}@media screen and (max-width: 1023px) {#advgb-cols-63bc3f1b-4e66-4e8b-b423-26997ebfc389{}}@media screen and (max-width: 767px) {#advgb-cols-63bc3f1b-4e66-4e8b-b423-26997ebfc389{}}#advgb-col-95a24104-2c8b-4032-af48-edf9f8392377>.advgb-column-inner{padding-top:20px;padding-right:20px;padding-bottom:20px;padding-left:20px;}#advgb-col-95a24104-2c8b-4032-af48-edf9f8392377{width: 0%;}@media screen and (max-width: 1023px) {#advgb-col-95a24104-2c8b-4032-af48-edf9f8392377>.advgb-column-inner{}}@media screen and (max-width: 767px) {#advgb-col-95a24104-2c8b-4032-af48-edf9f8392377>.advgb-column-inner{}}#advgb-col-533772e7-e78e-4fbe-a45b-6f65a506714d>.advgb-column-inner{padding-top:20px;padding-right:20px;padding-bottom:20px;padding-left:20px;}#advgb-col-533772e7-e78e-4fbe-a45b-6f65a506714d{width: 0%;}@media screen and (max-width: 1023px) {#advgb-col-533772e7-e78e-4fbe-a45b-6f65a506714d>.advgb-column-inner{}}@media screen and (max-width: 767px) {#advgb-col-533772e7-e78e-4fbe-a45b-6f65a506714d>.advgb-column-inner{}}<\/style>","protected":false},"excerpt":{"rendered":"<p>PROFISSIONAIS Conhe\u00e7a os profissionais que atendem no CIEP e suas \u00e1reas de atua\u00e7\u00e3o<\/p>\n","protected":false},"author":1,"featured_media":0,"parent":0,"menu_order":0,"comment_status":"closed","ping_status":"closed","template":"","meta":{"advgb_blocks_editor_width":"","advgb_blocks_columns_visual_guide":"","site-sidebar-layout":"default","site-content-layout":"default","ast-global-header-display":"","ast-main-header-display":"","ast-hfb-above-header-display":"","ast-hfb-below-header-display":"","ast-hfb-mobile-header-display":"","site-post-title":"disabled","ast-breadcrumbs-content":"","ast-featured-img":"","footer-sml-layout":"","theme-transparent-header-meta":"","adv-header-id-meta":"","stick-header-meta":"","header-above-stick-meta":"","header-main-stick-meta":"","header-below-stick-meta":"","footnotes":""},"class_list":["post-232","page","type-page","status-publish","hentry"],"coauthors":[],"author_meta":{"author_link":"https:\/\/pediatriaciep.com.br\/ciep\/author\/adm_ciep\/","display_name":"ADM_Ciep"},"relative_dates":{"created":"Posted 4 anos ago","modified":"Updated 3 anos ago"},"absolute_dates":{"created":"Posted on 23 de agosto de 2022","modified":"Updated on 19 de julho de 2023"},"absolute_dates_time":{"created":"Posted on 23 de agosto de 2022 11:15","modified":"Updated on 19 de julho de 2023 16:41"},"featured_img_caption":"","featured_img":false,"series_order":"","uagb_featured_image_src":{"full":false,"thumbnail":false,"medium":false,"medium_large":false,"large":false,"1536x1536":false,"2048x2048":false},"uagb_author_info":{"display_name":"ADM_Ciep","author_link":"https:\/\/pediatriaciep.com.br\/ciep\/author\/adm_ciep\/"},"uagb_comment_info":0,"uagb_excerpt":"PROFISSIONAIS Conhe\u00e7a os profissionais que atendem no CIEP e suas \u00e1reas de atua\u00e7\u00e3o","_links":{"self":[{"href":"https:\/\/pediatriaciep.com.br\/ciep\/wp-json\/wp\/v2\/pages\/232","targetHints":{"allow":["GET"]}}],"collection":[{"href":"https:\/\/pediatriaciep.com.br\/ciep\/wp-json\/wp\/v2\/pages"}],"about":[{"href":"https:\/\/pediatriaciep.com.br\/ciep\/wp-json\/wp\/v2\/types\/page"}],"author":[{"embeddable":true,"href":"https:\/\/pediatriaciep.com.br\/ciep\/wp-json\/wp\/v2\/users\/1"}],"replies":[{"embeddable":true,"href":"https:\/\/pediatriaciep.com.br\/ciep\/wp-json\/wp\/v2\/comments?post=232"}],"version-history":[{"count":4,"href":"https:\/\/pediatriaciep.com.br\/ciep\/wp-json\/wp\/v2\/pages\/232\/revisions"}],"predecessor-version":[{"id":489,"href":"https:\/\/pediatriaciep.com.br\/ciep\/wp-json\/wp\/v2\/pages\/232\/revisions\/489"}],"wp:attachment":[{"href":"https:\/\/pediatriaciep.com.br\/ciep\/wp-json\/wp\/v2\/media?parent=232"}],"curies":[{"name":"wp","href":"https:\/\/api.w.org\/{rel}","templated":true}]}}